{"id":581,"date":"2024-09-08T15:37:55","date_gmt":"2024-09-08T15:37:55","guid":{"rendered":"https:\/\/blogs.uem.mz\/?page_id=581"},"modified":"2024-09-08T15:43:30","modified_gmt":"2024-09-08T15:43:30","slug":"noticias","status":"publish","type":"page","link":"https:\/\/eshti.uem.mz\/index.php\/noticias\/","title":{"rendered":"Not\u00edcias"},"content":{"rendered":"\t\t<div data-elementor-type=\"wp-page\" data-elementor-id=\"581\" class=\"elementor elementor-581\" data-elementor-post-type=\"page\">\n\t\t\t\t<div class=\"elementor-element elementor-element-8226810 e-flex e-con-boxed e-con e-parent\" data-id=\"8226810\" data-element_type=\"container\" data-settings=\"{&quot;background_background&quot;:&quot;classic&quot;}\">\n\t\t\t\t\t<div class=\"e-con-inner\">\n\t\t\t\t<div class=\"elementor-element elementor-element-76fd593 elementor-widget elementor-widget-heading\" data-id=\"76fd593\" data-element_type=\"widget\" data-widget_type=\"heading.default\">\n\t\t\t\t<div class=\"elementor-widget-container\">\n\t\t\t\t\t<h2 class=\"elementor-heading-title elementor-size-default\">Not\u00edcias<\/h2>\t\t\t\t<\/div>\n\t\t\t\t<\/div>\n\t\t\t\t\t<\/div>\n\t\t\t\t<\/div>\n\t\t<div class=\"elementor-element elementor-element-accbbc5 e-flex e-con-boxed e-con e-parent\" data-id=\"accbbc5\" data-element_type=\"container\">\n\t\t\t\t\t<div class=\"e-con-inner\">\n\t\t\t\t<div class=\"elementor-element elementor-element-80788bd elementor-grid-3 elementor-grid-tablet-2 elementor-grid-mobile-1 elementor-posts--thumbnail-top elementor-card-shadow-yes elementor-posts__hover-gradient load-more-align-center elementor-widget elementor-widget-posts\" data-id=\"80788bd\" data-element_type=\"widget\" data-settings=\"{&quot;pagination_type&quot;:&quot;load_more_on_click&quot;,&quot;cards_columns&quot;:&quot;3&quot;,&quot;cards_columns_tablet&quot;:&quot;2&quot;,&quot;cards_columns_mobile&quot;:&quot;1&quot;,&quot;cards_row_gap&quot;:{&quot;unit&quot;:&quot;px&quot;,&quot;size&quot;:35,&quot;sizes&quot;:[]},&quot;cards_row_gap_tablet&quot;:{&quot;unit&quot;:&quot;px&quot;,&quot;size&quot;:&quot;&quot;,&quot;sizes&quot;:[]},&quot;cards_row_gap_mobile&quot;:{&quot;unit&quot;:&quot;px&quot;,&quot;size&quot;:&quot;&quot;,&quot;sizes&quot;:[]},&quot;load_more_spinner&quot;:{&quot;value&quot;:&quot;fas fa-spinner&quot;,&quot;library&quot;:&quot;fa-solid&quot;}}\" data-widget_type=\"posts.cards\">\n\t\t\t\t<div class=\"elementor-widget-container\">\n\t\t\t\t\t\t\t<div class=\"elementor-posts-container elementor-posts elementor-posts--skin-cards elementor-grid\">\n\t\t\t\t<article class=\"elementor-post elementor-grid-item post-1018 post type-post status-publish format-standard has-post-thumbnail hentry category-noticias\">\n\t\t\t<div class=\"elementor-post__card\">\n\t\t\t\t<a class=\"elementor-post__thumbnail__link\" href=\"https:\/\/eshti.uem.mz\/index.php\/2025\/11\/26\/eshti-lanca-edital-2026-com-novo-curso-de-ecoturismo-e-conservacao-da-natureza\/\" tabindex=\"-1\" ><div class=\"elementor-post__thumbnail\"><img fetchpriority=\"high\" decoding=\"async\" width=\"300\" height=\"180\" src=\"https:\/\/eshti.uem.mz\/wp-content\/uploads\/2025\/11\/Turismo-em-Mocambique-jpg-300x180.webp\" class=\"attachment-medium size-medium wp-image-1025\" alt=\"\" srcset=\"https:\/\/eshti.uem.mz\/wp-content\/uploads\/2025\/11\/Turismo-em-Mocambique-jpg-300x180.webp 300w, https:\/\/eshti.uem.mz\/wp-content\/uploads\/2025\/11\/Turismo-em-Mocambique-jpg-768x461.webp 768w, https:\/\/eshti.uem.mz\/wp-content\/uploads\/2025\/11\/Turismo-em-Mocambique-jpg.webp 900w\" sizes=\"(max-width: 300px) 100vw, 300px\" \/><\/div><\/a>\n\t\t\t\t<div class=\"elementor-post__badge\">Not\u00edcias<\/div>\n\t\t\t\t<div class=\"elementor-post__text\">\n\t\t\t\t<h3 class=\"elementor-post__title\">\n\t\t\t<a href=\"https:\/\/eshti.uem.mz\/index.php\/2025\/11\/26\/eshti-lanca-edital-2026-com-novo-curso-de-ecoturismo-e-conservacao-da-natureza\/\" >\n\t\t\t\tESHTI Divulga Edital de 2026 com Inovador Curso de Ecoturismo e Conserva\u00e7\u00e3o da Natureza\t\t\t<\/a>\n\t\t<\/h3>\n\t\t\t\t<div class=\"elementor-post__excerpt\">\n\t\t\t<p>A Escola Superior de Hotelaria e Turismo de Inhambane (ESHTI) anunciou o lan\u00e7amento do edital para os cursos de gradua\u00e7\u00e3o do ano lectivo de 2026, trazendo uma grande novidade: a introdu\u00e7\u00e3o do curso de Ecoturismo e Conserva\u00e7\u00e3o da Natureza. A<\/p>\n\t\t<\/div>\n\t\t\n\t\t<a class=\"elementor-post__read-more\" href=\"https:\/\/eshti.uem.mz\/index.php\/2025\/11\/26\/eshti-lanca-edital-2026-com-novo-curso-de-ecoturismo-e-conservacao-da-natureza\/\" aria-label=\"Read more about ESHTI Divulga Edital de 2026 com Inovador Curso de Ecoturismo e Conserva\u00e7\u00e3o da Natureza\" tabindex=\"-1\" >\n\t\t\tLer mais \u00bb\t\t<\/a>\n\n\t\t\t\t<\/div>\n\t\t\t\t<div class=\"elementor-post__meta-data\">\n\t\t\t\t\t<span class=\"elementor-post-date\">\n\t\t\tNovember 26, 2025\t\t<\/span>\n\t\t\t\t<\/div>\n\t\t\t\t\t<\/div>\n\t\t<\/article>\n\t\t\t\t<article class=\"elementor-post elementor-grid-item post-1023 post type-post status-publish format-standard has-post-thumbnail hentry category-noticias\">\n\t\t\t<div class=\"elementor-post__card\">\n\t\t\t\t<a class=\"elementor-post__thumbnail__link\" href=\"https:\/\/eshti.uem.mz\/index.php\/2025\/11\/26\/eshti-leva-estudantes-a-austria\/\" tabindex=\"-1\" ><div class=\"elementor-post__thumbnail\"><img decoding=\"async\" width=\"225\" height=\"300\" src=\"https:\/\/eshti.uem.mz\/wp-content\/uploads\/2025\/11\/WhatsApp-Image-2025-11-26-at-11.34.331-225x300.jpeg\" class=\"attachment-medium size-medium wp-image-1030\" alt=\"\" srcset=\"https:\/\/eshti.uem.mz\/wp-content\/uploads\/2025\/11\/WhatsApp-Image-2025-11-26-at-11.34.331-225x300.jpeg 225w, https:\/\/eshti.uem.mz\/wp-content\/uploads\/2025\/11\/WhatsApp-Image-2025-11-26-at-11.34.331-768x1024.jpeg 768w, https:\/\/eshti.uem.mz\/wp-content\/uploads\/2025\/11\/WhatsApp-Image-2025-11-26-at-11.34.331-1152x1536.jpeg 1152w, https:\/\/eshti.uem.mz\/wp-content\/uploads\/2025\/11\/WhatsApp-Image-2025-11-26-at-11.34.331.jpeg 1200w\" sizes=\"(max-width: 225px) 100vw, 225px\" \/><\/div><\/a>\n\t\t\t\t<div class=\"elementor-post__badge\">Not\u00edcias<\/div>\n\t\t\t\t<div class=\"elementor-post__text\">\n\t\t\t\t<h3 class=\"elementor-post__title\">\n\t\t\t<a href=\"https:\/\/eshti.uem.mz\/index.php\/2025\/11\/26\/eshti-leva-estudantes-a-austria\/\" >\n\t\t\t\tESHTI Refor\u00e7a Internacionaliza\u00e7\u00e3o com Envio de Estudantes para Est\u00e1gio na \u00c1ustria\t\t\t<\/a>\n\t\t<\/h3>\n\t\t\t\t<div class=\"elementor-post__excerpt\">\n\t\t\t<p>No \u00e2mbito do programa de mobilidade acad\u00e9mica Erasmus e da coopera\u00e7\u00e3o entre a Escola Superior de Hotelaria e Turismo de Inhambane (ESHTI) e a Universidade de Ci\u00eancias Aplicadas FH Joanneum, os estudantes \u00c1lvaro e Sid\u00f3nia, dos cursos de Anima\u00e7\u00e3o Tur\u00edstica<\/p>\n\t\t<\/div>\n\t\t\n\t\t<a class=\"elementor-post__read-more\" href=\"https:\/\/eshti.uem.mz\/index.php\/2025\/11\/26\/eshti-leva-estudantes-a-austria\/\" aria-label=\"Read more about ESHTI Refor\u00e7a Internacionaliza\u00e7\u00e3o com Envio de Estudantes para Est\u00e1gio na \u00c1ustria\" tabindex=\"-1\" >\n\t\t\tLer mais \u00bb\t\t<\/a>\n\n\t\t\t\t<\/div>\n\t\t\t\t<div class=\"elementor-post__meta-data\">\n\t\t\t\t\t<span class=\"elementor-post-date\">\n\t\t\tNovember 26, 2025\t\t<\/span>\n\t\t\t\t<\/div>\n\t\t\t\t\t<\/div>\n\t\t<\/article>\n\t\t\t\t<article class=\"elementor-post elementor-grid-item post-1017 post type-post status-publish format-standard has-post-thumbnail hentry category-noticias\">\n\t\t\t<div class=\"elementor-post__card\">\n\t\t\t\t<a class=\"elementor-post__thumbnail__link\" href=\"https:\/\/eshti.uem.mz\/index.php\/2025\/11\/26\/eleicao-de-novo-director\/\" tabindex=\"-1\" ><div class=\"elementor-post__thumbnail\"><img decoding=\"async\" width=\"300\" height=\"134\" src=\"https:\/\/eshti.uem.mz\/wp-content\/uploads\/2025\/11\/2k4-300x134.jpg\" class=\"attachment-medium size-medium wp-image-1026\" alt=\"\" srcset=\"https:\/\/eshti.uem.mz\/wp-content\/uploads\/2025\/11\/2k4-300x134.jpg 300w, https:\/\/eshti.uem.mz\/wp-content\/uploads\/2025\/11\/2k4-1024x457.jpg 1024w, https:\/\/eshti.uem.mz\/wp-content\/uploads\/2025\/11\/2k4-768x343.jpg 768w, https:\/\/eshti.uem.mz\/wp-content\/uploads\/2025\/11\/2k4-1536x686.jpg 1536w, https:\/\/eshti.uem.mz\/wp-content\/uploads\/2025\/11\/2k4.jpg 2016w\" sizes=\"(max-width: 300px) 100vw, 300px\" \/><\/div><\/a>\n\t\t\t\t<div class=\"elementor-post__badge\">Not\u00edcias<\/div>\n\t\t\t\t<div class=\"elementor-post__text\">\n\t\t\t\t<h3 class=\"elementor-post__title\">\n\t\t\t<a href=\"https:\/\/eshti.uem.mz\/index.php\/2025\/11\/26\/eleicao-de-novo-director\/\" >\n\t\t\t\tNovo Director da ESHTI: A Elei\u00e7\u00e3o que marca um novo cap\u00edtulo.\t\t\t<\/a>\n\t\t<\/h3>\n\t\t\t\t<div class=\"elementor-post__excerpt\">\n\t\t\t<p>A Escola Superior de Hotelaria e Turismo de Inhambane (ESHTI) realizou, na semana de 5 de outubro de 2025, o processo eleitoral para escolher o novo director da institui\u00e7\u00e3o. Com grande entusiasmo, foi eleito o Sr. Daniel Zacarias, que assumiu<\/p>\n\t\t<\/div>\n\t\t\n\t\t<a class=\"elementor-post__read-more\" href=\"https:\/\/eshti.uem.mz\/index.php\/2025\/11\/26\/eleicao-de-novo-director\/\" aria-label=\"Read more about Novo Director da ESHTI: A Elei\u00e7\u00e3o que marca um novo cap\u00edtulo.\" tabindex=\"-1\" >\n\t\t\tLer mais \u00bb\t\t<\/a>\n\n\t\t\t\t<\/div>\n\t\t\t\t<div class=\"elementor-post__meta-data\">\n\t\t\t\t\t<span class=\"elementor-post-date\">\n\t\t\tNovember 26, 2025\t\t<\/span>\n\t\t\t\t<\/div>\n\t\t\t\t\t<\/div>\n\t\t<\/article>\n\t\t\t\t<article class=\"elementor-post elementor-grid-item post-1010 post type-post status-publish format-standard has-post-thumbnail hentry category-noticias\">\n\t\t\t<div class=\"elementor-post__card\">\n\t\t\t\t<a class=\"elementor-post__thumbnail__link\" href=\"https:\/\/eshti.uem.mz\/index.php\/2025\/11\/26\/o-centro-de-informatica-visita-eshti\/\" tabindex=\"-1\" ><div class=\"elementor-post__thumbnail\"><img loading=\"lazy\" decoding=\"async\" width=\"300\" height=\"225\" src=\"https:\/\/eshti.uem.mz\/wp-content\/uploads\/2025\/11\/IMG_20251126_110752-300x225.jpg\" class=\"attachment-medium size-medium wp-image-1019\" alt=\"\" srcset=\"https:\/\/eshti.uem.mz\/wp-content\/uploads\/2025\/11\/IMG_20251126_110752-300x225.jpg 300w, https:\/\/eshti.uem.mz\/wp-content\/uploads\/2025\/11\/IMG_20251126_110752-1024x768.jpg 1024w, https:\/\/eshti.uem.mz\/wp-content\/uploads\/2025\/11\/IMG_20251126_110752-768x576.jpg 768w, https:\/\/eshti.uem.mz\/wp-content\/uploads\/2025\/11\/IMG_20251126_110752-1536x1152.jpg 1536w, https:\/\/eshti.uem.mz\/wp-content\/uploads\/2025\/11\/IMG_20251126_110752-2048x1536.jpg 2048w\" sizes=\"(max-width: 300px) 100vw, 300px\" \/><\/div><\/a>\n\t\t\t\t<div class=\"elementor-post__badge\">Not\u00edcias<\/div>\n\t\t\t\t<div class=\"elementor-post__text\">\n\t\t\t\t<h3 class=\"elementor-post__title\">\n\t\t\t<a href=\"https:\/\/eshti.uem.mz\/index.php\/2025\/11\/26\/o-centro-de-informatica-visita-eshti\/\" >\n\t\t\t\tO Centro de Inform\u00e1tica visita ESHTI\t\t\t<\/a>\n\t\t<\/h3>\n\t\t\t\t<div class=\"elementor-post__excerpt\">\n\t\t\t<p>Entre os dias 24 e 26 de Novembro, o Centro de Inform\u00e1tica visitou a Escola de Hotelaria e Turismo de Inhamabane da Universidade Eduardo Mondlane. A visita tinha como objectivo avaliar o estado dos equippmaneto inform\u00e1ticos oferecidos no \u00e2mbito do<\/p>\n\t\t<\/div>\n\t\t\n\t\t<a class=\"elementor-post__read-more\" href=\"https:\/\/eshti.uem.mz\/index.php\/2025\/11\/26\/o-centro-de-informatica-visita-eshti\/\" aria-label=\"Read more about O Centro de Inform\u00e1tica visita ESHTI\" tabindex=\"-1\" >\n\t\t\tLer mais \u00bb\t\t<\/a>\n\n\t\t\t\t<\/div>\n\t\t\t\t<div class=\"elementor-post__meta-data\">\n\t\t\t\t\t<span class=\"elementor-post-date\">\n\t\t\tNovember 26, 2025\t\t<\/span>\n\t\t\t\t<\/div>\n\t\t\t\t\t<\/div>\n\t\t<\/article>\n\t\t\t\t<article class=\"elementor-post elementor-grid-item post-998 post type-post status-publish format-standard hentry category-noticias\">\n\t\t\t<div class=\"elementor-post__card\">\n\t\t\t\t<div class=\"elementor-post__text\">\n\t\t\t\t<h3 class=\"elementor-post__title\">\n\t\t\t<a href=\"https:\/\/eshti.uem.mz\/index.php\/2025\/06\/25\/processo-eleitoral-para-director-da-eshti\/\" >\n\t\t\t\tProcesso eleitoral para Director da ESHTI\t\t\t<\/a>\n\t\t<\/h3>\n\t\t\t\t<div class=\"elementor-post__excerpt\">\n\t\t\t<p>Informamos \u00e0 comunidade da Escola Superior de Hotelaria e Turismo de Inhambane (Docentes, membros do CTA e Estudantes) que est\u00e1 aberto o processo para a elei\u00e7\u00e3o do novo Director.<\/p>\n\t\t<\/div>\n\t\t\n\t\t<a class=\"elementor-post__read-more\" href=\"https:\/\/eshti.uem.mz\/index.php\/2025\/06\/25\/processo-eleitoral-para-director-da-eshti\/\" aria-label=\"Read more about Processo eleitoral para Director da ESHTI\" tabindex=\"-1\" >\n\t\t\tLer mais \u00bb\t\t<\/a>\n\n\t\t\t\t<\/div>\n\t\t\t\t<div class=\"elementor-post__meta-data\">\n\t\t\t\t\t<span class=\"elementor-post-date\">\n\t\t\tJune 25, 2025\t\t<\/span>\n\t\t\t\t<\/div>\n\t\t\t\t\t<\/div>\n\t\t<\/article>\n\t\t\t\t<article class=\"elementor-post elementor-grid-item post-989 post type-post status-publish format-standard has-post-thumbnail hentry category-noticias\">\n\t\t\t<div class=\"elementor-post__card\">\n\t\t\t\t<a class=\"elementor-post__thumbnail__link\" href=\"https:\/\/eshti.uem.mz\/index.php\/2025\/03\/31\/reuniao-de-orientacao-dos-novos-ingressos-na-eshti\/\" tabindex=\"-1\" ><div class=\"elementor-post__thumbnail\"><img loading=\"lazy\" decoding=\"async\" width=\"300\" height=\"169\" src=\"https:\/\/eshti.uem.mz\/wp-content\/uploads\/2025\/03\/540b23c5-13fb-4e74-ba89-02cb7793111f-300x169.jpg\" class=\"attachment-medium size-medium wp-image-991\" alt=\"\" srcset=\"https:\/\/eshti.uem.mz\/wp-content\/uploads\/2025\/03\/540b23c5-13fb-4e74-ba89-02cb7793111f-300x169.jpg 300w, https:\/\/eshti.uem.mz\/wp-content\/uploads\/2025\/03\/540b23c5-13fb-4e74-ba89-02cb7793111f-1024x576.jpg 1024w, https:\/\/eshti.uem.mz\/wp-content\/uploads\/2025\/03\/540b23c5-13fb-4e74-ba89-02cb7793111f-768x432.jpg 768w, https:\/\/eshti.uem.mz\/wp-content\/uploads\/2025\/03\/540b23c5-13fb-4e74-ba89-02cb7793111f.jpg 1280w\" sizes=\"(max-width: 300px) 100vw, 300px\" \/><\/div><\/a>\n\t\t\t\t<div class=\"elementor-post__badge\">Not\u00edcias<\/div>\n\t\t\t\t<div class=\"elementor-post__text\">\n\t\t\t\t<h3 class=\"elementor-post__title\">\n\t\t\t<a href=\"https:\/\/eshti.uem.mz\/index.php\/2025\/03\/31\/reuniao-de-orientacao-dos-novos-ingressos-na-eshti\/\" >\n\t\t\t\tReuni\u00e3o de orienta\u00e7\u00e3o dos novos ingressos na ESHTI\t\t\t<\/a>\n\t\t<\/h3>\n\t\t\t\t<div class=\"elementor-post__excerpt\">\n\t\t\t<p>No dia 28 de mar\u00e7o de 2025, realizou-se a reuni\u00e3o de orienta\u00e7\u00e3o para os novos ingressos na Escola Superior de Hotelaria e Turismo de Inhambane (ESHTI). O evento contou com a presen\u00e7a da dire\u00e7\u00e3o da escola, docentes, funcion\u00e1rios e estudantes.<\/p>\n\t\t<\/div>\n\t\t\n\t\t<a class=\"elementor-post__read-more\" href=\"https:\/\/eshti.uem.mz\/index.php\/2025\/03\/31\/reuniao-de-orientacao-dos-novos-ingressos-na-eshti\/\" aria-label=\"Read more about Reuni\u00e3o de orienta\u00e7\u00e3o dos novos ingressos na ESHTI\" tabindex=\"-1\" >\n\t\t\tLer mais \u00bb\t\t<\/a>\n\n\t\t\t\t<\/div>\n\t\t\t\t<div class=\"elementor-post__meta-data\">\n\t\t\t\t\t<span class=\"elementor-post-date\">\n\t\t\tMarch 31, 2025\t\t<\/span>\n\t\t\t\t<\/div>\n\t\t\t\t\t<\/div>\n\t\t<\/article>\n\t\t\t\t<article class=\"elementor-post elementor-grid-item post-985 post type-post status-publish format-standard has-post-thumbnail hentry category-noticias\">\n\t\t\t<div class=\"elementor-post__card\">\n\t\t\t\t<a class=\"elementor-post__thumbnail__link\" href=\"https:\/\/eshti.uem.mz\/index.php\/2025\/03\/31\/novos-livros-para-a-biblioteca-da-eshti\/\" tabindex=\"-1\" ><div class=\"elementor-post__thumbnail\"><img loading=\"lazy\" decoding=\"async\" width=\"300\" height=\"136\" src=\"https:\/\/eshti.uem.mz\/wp-content\/uploads\/2025\/03\/60dc9549-07d2-44b4-97ae-b4b3f95a2ff2-300x136.jpg\" class=\"attachment-medium size-medium wp-image-987\" alt=\"\" srcset=\"https:\/\/eshti.uem.mz\/wp-content\/uploads\/2025\/03\/60dc9549-07d2-44b4-97ae-b4b3f95a2ff2-300x136.jpg 300w, https:\/\/eshti.uem.mz\/wp-content\/uploads\/2025\/03\/60dc9549-07d2-44b4-97ae-b4b3f95a2ff2-1024x464.jpg 1024w, https:\/\/eshti.uem.mz\/wp-content\/uploads\/2025\/03\/60dc9549-07d2-44b4-97ae-b4b3f95a2ff2-768x348.jpg 768w, https:\/\/eshti.uem.mz\/wp-content\/uploads\/2025\/03\/60dc9549-07d2-44b4-97ae-b4b3f95a2ff2.jpg 1152w\" sizes=\"(max-width: 300px) 100vw, 300px\" \/><\/div><\/a>\n\t\t\t\t<div class=\"elementor-post__badge\">Not\u00edcias<\/div>\n\t\t\t\t<div class=\"elementor-post__text\">\n\t\t\t\t<h3 class=\"elementor-post__title\">\n\t\t\t<a href=\"https:\/\/eshti.uem.mz\/index.php\/2025\/03\/31\/novos-livros-para-a-biblioteca-da-eshti\/\" >\n\t\t\t\tNovos livros para a Biblioteca da ESHTI\t\t\t<\/a>\n\t\t<\/h3>\n\t\t\t\t<div class=\"elementor-post__excerpt\">\n\t\t\t<p>O autor mo\u00e7ambicano Nunes Tomas Mazivile fez uma importante doa\u00e7\u00e3o \u00e0 Escola Superior de Hotelaria e Turismo de Inhambane no passado dia 28 de mar\u00e7o de 2025, oferecendo o seu livro intitulado Gest\u00e3o Ambiental: O Caminho para o Alcance do<\/p>\n\t\t<\/div>\n\t\t\n\t\t<a class=\"elementor-post__read-more\" href=\"https:\/\/eshti.uem.mz\/index.php\/2025\/03\/31\/novos-livros-para-a-biblioteca-da-eshti\/\" aria-label=\"Read more about Novos livros para a Biblioteca da ESHTI\" tabindex=\"-1\" >\n\t\t\tLer mais \u00bb\t\t<\/a>\n\n\t\t\t\t<\/div>\n\t\t\t\t<div class=\"elementor-post__meta-data\">\n\t\t\t\t\t<span class=\"elementor-post-date\">\n\t\t\tMarch 31, 2025\t\t<\/span>\n\t\t\t\t<\/div>\n\t\t\t\t\t<\/div>\n\t\t<\/article>\n\t\t\t\t<article class=\"elementor-post elementor-grid-item post-979 post type-post status-publish format-standard has-post-thumbnail hentry category-noticias\">\n\t\t\t<div class=\"elementor-post__card\">\n\t\t\t\t<a class=\"elementor-post__thumbnail__link\" href=\"https:\/\/eshti.uem.mz\/index.php\/2025\/03\/21\/workshop-de-avaliacao-da-organizcao-e-funcionamento-das-das-escolas-superiores-da-uem-eshti\/\" tabindex=\"-1\" ><div class=\"elementor-post__thumbnail\"><img loading=\"lazy\" decoding=\"async\" width=\"300\" height=\"169\" src=\"https:\/\/eshti.uem.mz\/wp-content\/uploads\/2025\/03\/WhatsApp-Image-2025-03-21-at-09.45.56-300x169.jpeg\" class=\"attachment-medium size-medium wp-image-981\" alt=\"\" srcset=\"https:\/\/eshti.uem.mz\/wp-content\/uploads\/2025\/03\/WhatsApp-Image-2025-03-21-at-09.45.56-300x169.jpeg 300w, https:\/\/eshti.uem.mz\/wp-content\/uploads\/2025\/03\/WhatsApp-Image-2025-03-21-at-09.45.56-1024x576.jpeg 1024w, https:\/\/eshti.uem.mz\/wp-content\/uploads\/2025\/03\/WhatsApp-Image-2025-03-21-at-09.45.56-768x432.jpeg 768w, https:\/\/eshti.uem.mz\/wp-content\/uploads\/2025\/03\/WhatsApp-Image-2025-03-21-at-09.45.56.jpeg 1280w\" sizes=\"(max-width: 300px) 100vw, 300px\" \/><\/div><\/a>\n\t\t\t\t<div class=\"elementor-post__badge\">Not\u00edcias<\/div>\n\t\t\t\t<div class=\"elementor-post__text\">\n\t\t\t\t<h3 class=\"elementor-post__title\">\n\t\t\t<a href=\"https:\/\/eshti.uem.mz\/index.php\/2025\/03\/21\/workshop-de-avaliacao-da-organizcao-e-funcionamento-das-das-escolas-superiores-da-uem-eshti\/\" >\n\t\t\t\tWorkshop de avalia\u00e7\u00e3o da organiz\u00e7\u00e3o e funcionamento das das escolas superiores da UEM &#8211; ESHTI\t\t\t<\/a>\n\t\t<\/h3>\n\t\t\t\t<div class=\"elementor-post__excerpt\">\n\t\t\t<p>O Workshop de Avalia\u00e7\u00e3o da Organiza\u00e7\u00e3o e Funcionamento das Escolas Superiores, realizado nos dias 20 e 21 de mar\u00e7o, teve como foco a implementa\u00e7\u00e3o do programa de reforma institucional, com o objetivo de melhorar a efici\u00eancia e efic\u00e1cia na utiliza\u00e7\u00e3o<\/p>\n\t\t<\/div>\n\t\t\n\t\t<a class=\"elementor-post__read-more\" href=\"https:\/\/eshti.uem.mz\/index.php\/2025\/03\/21\/workshop-de-avaliacao-da-organizcao-e-funcionamento-das-das-escolas-superiores-da-uem-eshti\/\" aria-label=\"Read more about Workshop de avalia\u00e7\u00e3o da organiz\u00e7\u00e3o e funcionamento das das escolas superiores da UEM &#8211; ESHTI\" tabindex=\"-1\" >\n\t\t\tLer mais \u00bb\t\t<\/a>\n\n\t\t\t\t<\/div>\n\t\t\t\t<div class=\"elementor-post__meta-data\">\n\t\t\t\t\t<span class=\"elementor-post-date\">\n\t\t\tMarch 21, 2025\t\t<\/span>\n\t\t\t\t<\/div>\n\t\t\t\t\t<\/div>\n\t\t<\/article>\n\t\t\t\t<article class=\"elementor-post elementor-grid-item post-929 post type-post status-publish format-standard has-post-thumbnail hentry category-noticias\">\n\t\t\t<div class=\"elementor-post__card\">\n\t\t\t\t<a class=\"elementor-post__thumbnail__link\" href=\"https:\/\/eshti.uem.mz\/index.php\/2025\/03\/12\/ciuem-capacita-docentes-da-eshti-no-uso-de-ferramentas-digitais\/\" tabindex=\"-1\" ><div class=\"elementor-post__thumbnail\"><img loading=\"lazy\" decoding=\"async\" width=\"300\" height=\"169\" src=\"https:\/\/eshti.uem.mz\/wp-content\/uploads\/2025\/03\/WhatsApp-Image-2025-03-12-at-08.51.32-1-300x169.jpeg\" class=\"attachment-medium size-medium wp-image-932\" alt=\"\" srcset=\"https:\/\/eshti.uem.mz\/wp-content\/uploads\/2025\/03\/WhatsApp-Image-2025-03-12-at-08.51.32-1-300x169.jpeg 300w, https:\/\/eshti.uem.mz\/wp-content\/uploads\/2025\/03\/WhatsApp-Image-2025-03-12-at-08.51.32-1-1024x576.jpeg 1024w, https:\/\/eshti.uem.mz\/wp-content\/uploads\/2025\/03\/WhatsApp-Image-2025-03-12-at-08.51.32-1-768x432.jpeg 768w, https:\/\/eshti.uem.mz\/wp-content\/uploads\/2025\/03\/WhatsApp-Image-2025-03-12-at-08.51.32-1.jpeg 1280w\" sizes=\"(max-width: 300px) 100vw, 300px\" \/><\/div><\/a>\n\t\t\t\t<div class=\"elementor-post__badge\">Not\u00edcias<\/div>\n\t\t\t\t<div class=\"elementor-post__text\">\n\t\t\t\t<h3 class=\"elementor-post__title\">\n\t\t\t<a href=\"https:\/\/eshti.uem.mz\/index.php\/2025\/03\/12\/ciuem-capacita-docentes-da-eshti-no-uso-de-ferramentas-digitais\/\" >\n\t\t\t\tCIUEM capacita docentes da ESHTI no uso de ferramentas digitais\t\t\t<\/a>\n\t\t<\/h3>\n\t\t\t\t<div class=\"elementor-post__excerpt\">\n\t\t\t<p>Entre os dias 7 e 12 de mar\u00e7o de 2025, t\u00e9cnicos do Centro de Inform\u00e1tica da Universidade Eduardo Mondlane (CIUEM) realizaram uma capacita\u00e7\u00e3o para docentes da Escola Superior de Hotelaria e Turismo de Inhambane. O objetivo foi aprimorar o uso<\/p>\n\t\t<\/div>\n\t\t\n\t\t<a class=\"elementor-post__read-more\" href=\"https:\/\/eshti.uem.mz\/index.php\/2025\/03\/12\/ciuem-capacita-docentes-da-eshti-no-uso-de-ferramentas-digitais\/\" aria-label=\"Read more about CIUEM capacita docentes da ESHTI no uso de ferramentas digitais\" tabindex=\"-1\" >\n\t\t\tLer mais \u00bb\t\t<\/a>\n\n\t\t\t\t<\/div>\n\t\t\t\t<div class=\"elementor-post__meta-data\">\n\t\t\t\t\t<span class=\"elementor-post-date\">\n\t\t\tMarch 12, 2025\t\t<\/span>\n\t\t\t\t<\/div>\n\t\t\t\t\t<\/div>\n\t\t<\/article>\n\t\t\t\t<\/div>\n\t\t\t\t\t<span class=\"e-load-more-spinner\">\n\t\t\t\t<svg aria-hidden=\"true\" class=\"e-font-icon-svg e-fas-spinner\" viewBox=\"0 0 512 512\" xmlns=\"http:\/\/www.w3.org\/2000\/svg\"><path d=\"M304 48c0 26.51-21.49 48-48 48s-48-21.49-48-48 21.49-48 48-48 48 21.49 48 48zm-48 368c-26.51 0-48 21.49-48 48s21.49 48 48 48 48-21.49 48-48-21.49-48-48-48zm208-208c-26.51 0-48 21.49-48 48s21.49 48 48 48 48-21.49 48-48-21.49-48-48-48zM96 256c0-26.51-21.49-48-48-48S0 229.49 0 256s21.49 48 48 48 48-21.49 48-48zm12.922 99.078c-26.51 0-48 21.49-48 48s21.49 48 48 48 48-21.49 48-48c0-26.509-21.491-48-48-48zm294.156 0c-26.51 0-48 21.49-48 48s21.49 48 48 48 48-21.49 48-48c0-26.509-21.49-48-48-48zM108.922 60.922c-26.51 0-48 21.49-48 48s21.49 48 48 48 48-21.49 48-48-21.491-48-48-48z\"><\/path><\/svg>\t\t\t<\/span>\n\t\t\n\t\t\t\t<div class=\"e-load-more-anchor\" data-page=\"1\" data-max-page=\"2\" data-next-page=\"https:\/\/eshti.uem.mz\/index.php\/wp-json\/wp\/v2\/pages\/581\/page\/2\/\"><\/div>\n\t\t\t\t<div class=\"elementor-button-wrapper\">\n\t\t\t<a href=\"#\" class=\"elementor-button-link elementor-button\" role=\"button\">\n\t\t\t\t\t\t<span class=\"elementor-button-content-wrapper\">\n\t\t\t\t\t\t\t\t\t<span class=\"elementor-button-text\">Mostrar mais not\u00edcias<\/span>\n\t\t\t\t\t<\/span>\n\t\t\t\t\t<\/a>\n\t\t<\/div>\n\t\t\t\t<div class=\"e-load-more-message\"><\/div>\n\t\t\t\t\t\t<\/div>\n\t\t\t\t<\/div>\n\t\t\t\t\t<\/div>\n\t\t\t\t<\/div>\n\t\t\t\t<\/div>\n\t\t","protected":false},"excerpt":{"rendered":"<p>Not\u00edcias<\/p>\n","protected":false},"author":1,"featured_media":0,"parent":0,"menu_order":0,"comment_status":"closed","ping_status":"closed","template":"elementor_header_footer","meta":{"site-sidebar-layout":"no-sidebar","site-content-layout":"","ast-site-content-layout":"full-width-container","site-content-style":"default","site-sidebar-style":"default","ast-global-header-display":"","ast-banner-title-visibility":"","ast-main-header-display":"","ast-hfb-above-header-display":"","ast-hfb-below-header-display":"","ast-hfb-mobile-header-display":"","site-post-title":"disabled","ast-breadcrumbs-content":"","ast-featured-img":"disabled","footer-sml-layout":"","theme-transparent-header-meta":"","adv-header-id-meta":"","stick-header-meta":"","header-above-stick-meta":"","header-main-stick-meta":"","header-below-stick-meta":"","astra-migrate-meta-layouts":"default","ast-page-background-enabled":"default","ast-page-background-meta":{"desktop":{"background-color":"var(--ast-global-color-4)","background-image":"","background-repeat":"repeat","background-position":"center center","background-size":"auto","background-attachment":"scroll","background-type":"","background-media":"","overlay-type":"","overlay-color":"","overlay-opacity":"","overlay-gradient":""},"tablet":{"background-color":"","background-image":"","background-repeat":"repeat","background-position":"center center","background-size":"auto","background-attachment":"scroll","background-type":"","background-media":"","overlay-type":"","overlay-color":"","overlay-opacity":"","overlay-gradient":""},"mobile":{"background-color":"","background-image":"","background-repeat":"repeat","background-position":"center center","background-size":"auto","background-attachment":"scroll","background-type":"","background-media":"","overlay-type":"","overlay-color":"","overlay-opacity":"","overlay-gradient":""}},"ast-content-background-meta":{"desktop":{"background-color":"var(--ast-global-color-5)","background-image":"","background-repeat":"repeat","background-position":"center center","background-size":"auto","background-attachment":"scroll","background-type":"","background-media":"","overlay-type":"","overlay-color":"","overlay-opacity":"","overlay-gradient":""},"tablet":{"background-color":"var(--ast-global-color-5)","background-image":"","background-repeat":"repeat","background-position":"center center","background-size":"auto","background-attachment":"scroll","background-type":"","background-media":"","overlay-type":"","overlay-color":"","overlay-opacity":"","overlay-gradient":""},"mobile":{"background-color":"var(--ast-global-color-5)","background-image":"","background-repeat":"repeat","background-position":"center center","background-size":"auto","background-attachment":"scroll","background-type":"","background-media":"","overlay-type":"","overlay-color":"","overlay-opacity":"","overlay-gradient":""}},"footnotes":""},"class_list":["post-581","page","type-page","status-publish","hentry"],"_links":{"self":[{"href":"https:\/\/eshti.uem.mz\/index.php\/wp-json\/wp\/v2\/pages\/581","targetHints":{"allow":["GET"]}}],"collection":[{"href":"https:\/\/eshti.uem.mz\/index.php\/wp-json\/wp\/v2\/pages"}],"about":[{"href":"https:\/\/eshti.uem.mz\/index.php\/wp-json\/wp\/v2\/types\/page"}],"author":[{"embeddable":true,"href":"https:\/\/eshti.uem.mz\/index.php\/wp-json\/wp\/v2\/users\/1"}],"replies":[{"embeddable":true,"href":"https:\/\/eshti.uem.mz\/index.php\/wp-json\/wp\/v2\/comments?post=581"}],"version-history":[{"count":10,"href":"https:\/\/eshti.uem.mz\/index.php\/wp-json\/wp\/v2\/pages\/581\/revisions"}],"predecessor-version":[{"id":592,"href":"https:\/\/eshti.uem.mz\/index.php\/wp-json\/wp\/v2\/pages\/581\/revisions\/592"}],"wp:attachment":[{"href":"https:\/\/eshti.uem.mz\/index.php\/wp-json\/wp\/v2\/media?parent=581"}],"curies":[{"name":"wp","href":"https:\/\/api.w.org\/{rel}","templated":true}]}}